{"id":4967,"date":"2022-11-07T10:27:52","date_gmt":"2022-11-07T09:27:52","guid":{"rendered":"https:\/\/salesianum.ch\/chambres-dhotes-salles\/"},"modified":"2025-06-13T22:51:06","modified_gmt":"2025-06-13T20:51:06","slug":"chambres-dhotes-salles","status":"publish","type":"page","link":"https:\/\/www.salesianum.ch\/it\/chambres-dhotes-salles\/","title":{"rendered":"Camere e Bed and Breakfast"},"content":{"rendered":"\n<h2 class=\"wp-block-heading\">Pernottamento e prima colazione<\/h2>\n\n\n\n<p class=\"has-text-align-left\"><strong>Opzioni di alloggio<\/strong> <em>(soggette a disponibilit\u00e0)<\/em><br>Prezzo giornaliero per persona<\/p>\n\n\n\n<p><strong>Camera singola senza bagno privato<\/strong>:<br>\u2003\u2022 <strong>CHF 60.\u2013<\/strong> (tariffa standard)<br>\u2003\u2022 <strong>CHF 45.\u2013<\/strong> (tariffa ridotta con tessera studente)<\/p>\n\n\n\n<p><strong>Camera singola con bagno privato<\/strong>:<br>\u2003\u2022 <strong>CHF 70.\u2013<\/strong> (tariffa standard)<br>\u2003\u2022 <strong>CHF 55.\u2013<\/strong> (tariffa ridotta con tessera studente)<\/p>\n\n\n\n<p><strong>Camera singola per pellegrini<\/strong><br>(piccola camera senza bagno privato):<br>\u2003\u2022 <strong>CHF 40.\u2013<\/strong><\/p>\n\n\n\n<p><strong>Dormitorio<\/strong> (8 letti, servizi igienici su un altro <em>piano)<\/em>:<br><em>In questa opzione lenzuola e asciugamani non sono inclusi. Tuttavia, \u00e8 possibile noleggiarli con un supplemento di 5 CHF<\/em>.<br>\u2003\u2022 <strong>CHF 30.\u2013<\/strong> (tariffa standard)<br>\u2003\u2022 <strong>CHF 22.\u2013<\/strong> (tariffa ridotta per pellegrini)<\/p>\n\n\n\n<p><strong>Si prega di notare:<\/strong><br>Non \u00e8 disponibile una cucina per gli ospiti.<br>I pasti sono serviti nel ristorante dal luned\u00ec al venerd\u00ec, esclusi i giorni festivi e le vacanze estive.<\/p>\n\n\n\n<p><strong>Prezzi dei pasti:<\/strong><br>\u2003\u2022 <strong>Colazione<\/strong>: CHF 7.\u2013<br>\u2003\u2022 <strong>Pranzo \/ Cena<\/strong>:<br>\u2003     \u2022 <strong>CHF 18.\u2013<\/strong> (tariffa standard)<br>\u2003     \u2022 <strong>CHF 13.\u2013<\/strong> (tariffa ridotta con tessera studente)<\/p>\n\n\n\n<p><\/p>\n\n\n\n<div class=\"wp-block-buttons is-content-justification-center is-layout-flex wp-container-core-buttons-is-layout-16018d1d wp-block-buttons-is-layout-flex\">\n<div class=\"wp-block-button\"><a class=\"wp-block-button__link wp-element-button\" href=\"https:\/\/salesianum.ch\/it\/contact-acces\/\">riserva<\/a><\/div>\n<\/div>\n\n\n\n<h2 class=\"wp-block-heading\">Sale per conferenze e seminari<\/h2>\n\n\n\n<p>Al Salesianum sono disponibili diverse sale per conferenze e seminari.<\/p>\n\n\n\n<figure class=\"wp-block-table aligncenter\"><table><tbody><tr><th><\/th><th><strong>Superficie (m\u00b2)<\/strong><\/th><th><strong>Luoghi<\/strong><\/th><th><strong>Affitto di<br>1\/2 giorno<\/strong><\/th><th><strong>Noleggio per<br>1 giorno<\/strong><\/th><\/tr><tr><th>Sala Mol\u00e9son<\/th><th>51<\/th><th>20 &#8211; 30<\/th><th>120.-<\/th><th>240.-<\/th><\/tr><tr><th>Sala Fribourg<\/th><th>21,5<\/th><th>8<\/th><th>60.-<\/th><th>120.-<\/th><\/tr><tr><th>Sala conferenze<\/th><th>38<\/th><th>14<\/th><th>100.-<\/th><th>200.-<\/th><\/tr><\/tbody><\/table><\/figure>\n\n\n\n<p>Incluso nel prezzo: 1 lavagna a fogli mobili.<\/p>\n\n\n\n<p>Non incluso nel prezzo: proiettore (50.- per mezza o intera giornata).<\/p>\n","protected":false},"excerpt":{"rendered":"<p>Pernottamento e prima colazione Opzioni di alloggio (soggette a disponibilit\u00e0)Prezzo giornaliero per persona Camera singola senza bagno privato:\u2003\u2022 CHF 60.\u2013 (tariffa standard)\u2003\u2022 CHF 45.\u2013 (tariffa ridotta con tessera studente) Camera singola con bagno privato:\u2003\u2022 CHF 70.\u2013 (tariffa standard)\u2003\u2022 CHF 55.\u2013 (tariffa ridotta con tessera studente) Camera singola per pellegrini(piccola camera senza bagno privato):\u2003\u2022 CHF 40.\u2013 [&hellip;]<\/p>\n","protected":false},"author":1,"featured_media":4697,"parent":0,"menu_order":0,"comment_status":"closed","ping_status":"closed","template":"","meta":{"_acf_changed":false,"footnotes":""},"class_list":["post-4967","page","type-page","status-publish","has-post-thumbnail","hentry"],"acf":[],"yoast_head":"<!-- This site is optimized with the Yoast SEO plugin v27.5 - https:\/\/yoast.com\/product\/yoast-seo-wordpress\/ -->\n<title>Camere e Bed and Breakfast - Convict Salesianum<\/title>\n<meta name=\"description\" content=\"Pernottamento e prima colazione Opzioni di alloggio (soggette a disponibilit\u00e0)Prezzo giornaliero per persona Camera singola senza bagno privato:\u2003\u2022 CHF\" \/>\n<meta name=\"robots\" content=\"index, follow, max-snippet:-1, max-image-preview:large, max-video-preview:-1\" \/>\n<link rel=\"canonical\" href=\"https:\/\/www.salesianum.ch\/it\/chambres-dhotes-salles\/\" \/>\n<meta property=\"og:locale\" content=\"it_IT\" \/>\n<meta property=\"og:type\" content=\"article\" \/>\n<meta property=\"og:title\" content=\"Camere e Bed and Breakfast - Convict Salesianum\" \/>\n<meta property=\"og:description\" content=\"Pernottamento e prima colazione Opzioni di alloggio (soggette a disponibilit\u00e0)Prezzo giornaliero per persona Camera singola senza bagno privato:\u2003\u2022 CHF\" \/>\n<meta property=\"og:url\" content=\"https:\/\/www.salesianum.ch\/it\/chambres-dhotes-salles\/\" \/>\n<meta property=\"og:site_name\" content=\"Convict Salesianum\" \/>\n<meta property=\"article:modified_time\" content=\"2025-06-13T20:51:06+00:00\" \/>\n<meta property=\"og:image\" content=\"https:\/\/www.salesianum.ch\/wp-content\/uploads\/2022\/11\/chambre-hote.jpg\" \/>\n\t<meta property=\"og:image:width\" content=\"1800\" \/>\n\t<meta property=\"og:image:height\" content=\"1513\" \/>\n\t<meta property=\"og:image:type\" content=\"image\/jpeg\" \/>\n<meta name=\"twitter:card\" content=\"summary_large_image\" \/>\n<meta name=\"twitter:label1\" content=\"Tempo di lettura stimato\" \/>\n\t<meta name=\"twitter:data1\" content=\"2 minuti\" \/>\n<script type=\"application\/ld+json\" class=\"yoast-schema-graph\">{\"@context\":\"https:\\\/\\\/schema.org\",\"@graph\":[{\"@type\":\"WebPage\",\"@id\":\"https:\\\/\\\/www.salesianum.ch\\\/it\\\/chambres-dhotes-salles\\\/\",\"url\":\"https:\\\/\\\/www.salesianum.ch\\\/it\\\/chambres-dhotes-salles\\\/\",\"name\":\"Camere e Bed and Breakfast - Convict Salesianum\",\"isPartOf\":{\"@id\":\"https:\\\/\\\/www.salesianum.ch\\\/it\\\/#website\"},\"primaryImageOfPage\":{\"@id\":\"https:\\\/\\\/www.salesianum.ch\\\/it\\\/chambres-dhotes-salles\\\/#primaryimage\"},\"image\":{\"@id\":\"https:\\\/\\\/www.salesianum.ch\\\/it\\\/chambres-dhotes-salles\\\/#primaryimage\"},\"thumbnailUrl\":\"https:\\\/\\\/www.salesianum.ch\\\/wp-content\\\/uploads\\\/2022\\\/11\\\/chambre-hote.jpg\",\"datePublished\":\"2022-11-07T09:27:52+00:00\",\"dateModified\":\"2025-06-13T20:51:06+00:00\",\"description\":\"Pernottamento e prima colazione Opzioni di alloggio (soggette a disponibilit\u00e0)Prezzo giornaliero per persona Camera singola senza bagno privato:\u2003\u2022 CHF\",\"breadcrumb\":{\"@id\":\"https:\\\/\\\/www.salesianum.ch\\\/it\\\/chambres-dhotes-salles\\\/#breadcrumb\"},\"inLanguage\":\"it-IT\",\"potentialAction\":[{\"@type\":\"ReadAction\",\"target\":[\"https:\\\/\\\/www.salesianum.ch\\\/it\\\/chambres-dhotes-salles\\\/\"]}]},{\"@type\":\"ImageObject\",\"inLanguage\":\"it-IT\",\"@id\":\"https:\\\/\\\/www.salesianum.ch\\\/it\\\/chambres-dhotes-salles\\\/#primaryimage\",\"url\":\"https:\\\/\\\/www.salesianum.ch\\\/wp-content\\\/uploads\\\/2022\\\/11\\\/chambre-hote.jpg\",\"contentUrl\":\"https:\\\/\\\/www.salesianum.ch\\\/wp-content\\\/uploads\\\/2022\\\/11\\\/chambre-hote.jpg\",\"width\":1800,\"height\":1513},{\"@type\":\"BreadcrumbList\",\"@id\":\"https:\\\/\\\/www.salesianum.ch\\\/it\\\/chambres-dhotes-salles\\\/#breadcrumb\",\"itemListElement\":[{\"@type\":\"ListItem\",\"position\":1,\"name\":\"Home\",\"item\":\"https:\\\/\\\/www.salesianum.ch\\\/it\\\/\"},{\"@type\":\"ListItem\",\"position\":2,\"name\":\"Camere e Bed and Breakfast\"}]},{\"@type\":\"WebSite\",\"@id\":\"https:\\\/\\\/www.salesianum.ch\\\/it\\\/#website\",\"url\":\"https:\\\/\\\/www.salesianum.ch\\\/it\\\/\",\"name\":\"Convict Salesianum\",\"description\":\"Foyer de Fribourg, anim\u00e9 par la Communaut\u00e9 du Chemin Neuf\",\"potentialAction\":[{\"@type\":\"SearchAction\",\"target\":{\"@type\":\"EntryPoint\",\"urlTemplate\":\"https:\\\/\\\/www.salesianum.ch\\\/it\\\/?s={search_term_string}\"},\"query-input\":{\"@type\":\"PropertyValueSpecification\",\"valueRequired\":true,\"valueName\":\"search_term_string\"}}],\"inLanguage\":\"it-IT\"}]}<\/script>\n<!-- \/ Yoast SEO plugin. -->","yoast_head_json":{"title":"Camere e Bed and Breakfast - Convict Salesianum","description":"Pernottamento e prima colazione Opzioni di alloggio (soggette a disponibilit\u00e0)Prezzo giornaliero per persona Camera singola senza bagno privato:\u2003\u2022 CHF","robots":{"index":"index","follow":"follow","max-snippet":"max-snippet:-1","max-image-preview":"max-image-preview:large","max-video-preview":"max-video-preview:-1"},"canonical":"https:\/\/www.salesianum.ch\/it\/chambres-dhotes-salles\/","og_locale":"it_IT","og_type":"article","og_title":"Camere e Bed and Breakfast - Convict Salesianum","og_description":"Pernottamento e prima colazione Opzioni di alloggio (soggette a disponibilit\u00e0)Prezzo giornaliero per persona Camera singola senza bagno privato:\u2003\u2022 CHF","og_url":"https:\/\/www.salesianum.ch\/it\/chambres-dhotes-salles\/","og_site_name":"Convict Salesianum","article_modified_time":"2025-06-13T20:51:06+00:00","og_image":[{"width":1800,"height":1513,"url":"https:\/\/www.salesianum.ch\/wp-content\/uploads\/2022\/11\/chambre-hote.jpg","type":"image\/jpeg"}],"twitter_card":"summary_large_image","twitter_misc":{"Tempo di lettura stimato":"2 minuti"},"schema":{"@context":"https:\/\/schema.org","@graph":[{"@type":"WebPage","@id":"https:\/\/www.salesianum.ch\/it\/chambres-dhotes-salles\/","url":"https:\/\/www.salesianum.ch\/it\/chambres-dhotes-salles\/","name":"Camere e Bed and Breakfast - Convict Salesianum","isPartOf":{"@id":"https:\/\/www.salesianum.ch\/it\/#website"},"primaryImageOfPage":{"@id":"https:\/\/www.salesianum.ch\/it\/chambres-dhotes-salles\/#primaryimage"},"image":{"@id":"https:\/\/www.salesianum.ch\/it\/chambres-dhotes-salles\/#primaryimage"},"thumbnailUrl":"https:\/\/www.salesianum.ch\/wp-content\/uploads\/2022\/11\/chambre-hote.jpg","datePublished":"2022-11-07T09:27:52+00:00","dateModified":"2025-06-13T20:51:06+00:00","description":"Pernottamento e prima colazione Opzioni di alloggio (soggette a disponibilit\u00e0)Prezzo giornaliero per persona Camera singola senza bagno privato:\u2003\u2022 CHF","breadcrumb":{"@id":"https:\/\/www.salesianum.ch\/it\/chambres-dhotes-salles\/#breadcrumb"},"inLanguage":"it-IT","potentialAction":[{"@type":"ReadAction","target":["https:\/\/www.salesianum.ch\/it\/chambres-dhotes-salles\/"]}]},{"@type":"ImageObject","inLanguage":"it-IT","@id":"https:\/\/www.salesianum.ch\/it\/chambres-dhotes-salles\/#primaryimage","url":"https:\/\/www.salesianum.ch\/wp-content\/uploads\/2022\/11\/chambre-hote.jpg","contentUrl":"https:\/\/www.salesianum.ch\/wp-content\/uploads\/2022\/11\/chambre-hote.jpg","width":1800,"height":1513},{"@type":"BreadcrumbList","@id":"https:\/\/www.salesianum.ch\/it\/chambres-dhotes-salles\/#breadcrumb","itemListElement":[{"@type":"ListItem","position":1,"name":"Home","item":"https:\/\/www.salesianum.ch\/it\/"},{"@type":"ListItem","position":2,"name":"Camere e Bed and Breakfast"}]},{"@type":"WebSite","@id":"https:\/\/www.salesianum.ch\/it\/#website","url":"https:\/\/www.salesianum.ch\/it\/","name":"Convict Salesianum","description":"Foyer de Fribourg, anim\u00e9 par la Communaut\u00e9 du Chemin Neuf","potentialAction":[{"@type":"SearchAction","target":{"@type":"EntryPoint","urlTemplate":"https:\/\/www.salesianum.ch\/it\/?s={search_term_string}"},"query-input":{"@type":"PropertyValueSpecification","valueRequired":true,"valueName":"search_term_string"}}],"inLanguage":"it-IT"}]}},"_links":{"self":[{"href":"https:\/\/www.salesianum.ch\/it\/wp-json\/wp\/v2\/pages\/4967","targetHints":{"allow":["GET"]}}],"collection":[{"href":"https:\/\/www.salesianum.ch\/it\/wp-json\/wp\/v2\/pages"}],"about":[{"href":"https:\/\/www.salesianum.ch\/it\/wp-json\/wp\/v2\/types\/page"}],"author":[{"embeddable":true,"href":"https:\/\/www.salesianum.ch\/it\/wp-json\/wp\/v2\/users\/1"}],"replies":[{"embeddable":true,"href":"https:\/\/www.salesianum.ch\/it\/wp-json\/wp\/v2\/comments?post=4967"}],"version-history":[{"count":5,"href":"https:\/\/www.salesianum.ch\/it\/wp-json\/wp\/v2\/pages\/4967\/revisions"}],"predecessor-version":[{"id":6627,"href":"https:\/\/www.salesianum.ch\/it\/wp-json\/wp\/v2\/pages\/4967\/revisions\/6627"}],"wp:featuredmedia":[{"embeddable":true,"href":"https:\/\/www.salesianum.ch\/it\/wp-json\/wp\/v2\/media\/4697"}],"wp:attachment":[{"href":"https:\/\/www.salesianum.ch\/it\/wp-json\/wp\/v2\/media?parent=4967"}],"curies":[{"name":"wp","href":"https:\/\/api.w.org\/{rel}","templated":true}]}}