{"id":5018,"date":"2022-04-07T17:59:25","date_gmt":"2022-04-07T15:59:25","guid":{"rendered":"https:\/\/salesianum.ch\/projet\/"},"modified":"2023-10-30T10:34:39","modified_gmt":"2023-10-30T09:34:39","slug":"projet","status":"publish","type":"page","link":"https:\/\/www.salesianum.ch\/de\/projet\/","title":{"rendered":"Projekt"},"content":{"rendered":"<div class=\"cards-cover pastille\">\n\n<div class=\"cards-container pastille multi_line columns- align-\">\n\n    <!-- scroll arrow left\/previous -->\n    \n\n    <div class=\"cards-list pastille multi_line columns- align-\">\n\n                    <!-- The card -->\n            <article class=\"card pastille\" data-animate-onshow=\"show-card\">\n                         \n            \n                <i class=\"card-icon ti-ruler-pencil\"><\/i>\n\n                <h3 class=\"card-title\">1 &#8211; Ein gutes Arbeitsklima<\/h3>\n                <div class=\"card-subtitle\">\n                    <p class=\"card-subtitle\">Um ein Hochschulstudium erfolgreich abzuschlie\u00dfen<\/p>\n                <\/div> \n\n            <\/article>\n\n\n                    <!-- The card -->\n            <article class=\"card pastille\" data-animate-onshow=\"show-card\">\n                         \n            \n                <i class=\"card-icon ti-eye\"><\/i>\n\n                <h3 class=\"card-title\">2 &#8211; Menschliche und br\u00fcderliche Beziehungen<\/h3>\n                <div class=\"card-subtitle\">\n                    <p class=\"card-subtitle\">Gegenseitige Unterst\u00fctzung durch gemeinsam erlebte H\u00f6hepunkte wie Mahlzeiten, Entspannung&#8230;<\/p>\n                <\/div> \n\n            <\/article>\n\n\n                    <!-- The card -->\n            <article class=\"card pastille\" data-animate-onshow=\"show-card\">\n                         \n            \n                <i class=\"card-icon ti-heart\"><\/i>\n\n                <h3 class=\"card-title\">3 &#8211; Eine Entdeckung oder Vertiefung des christlichen Glaubens<\/h3>\n                <div class=\"card-subtitle\">\n                    <p class=\"card-subtitle\">Pers\u00f6nliche Begegnung mit Christen<br>\r\nAngebote der Gemeinschaft Chemin Neuf<\/p>\n                <\/div> \n\n            <\/article>\n\n\n        \n    <\/div>\n\n\n    <!-- scroll arrow right\/next -->\n    \n<\/div>\n<\/div>\n\n\n\n\n<p class=\"has-text-align-left\">Wir laden alle ein offen \u00fcber Fragen des Glaubens mit uns zu sprechen.<br>W\u00e4hrend eines Jahres besteht die M\u00f6glichkeit an Wochenenden teilzunehmen, die verschieden Aspekte des Glaubens thematisieren.<\/p>\n\n\n\n<h3 class=\"wp-block-heading has-text-align-center\"><strong>Programm des Stundentenheims<\/strong><\/h3>\n\n\n\n<p>Das Studentenwohnheim m\u00f6chte einen Lebensraum schaffen mit einem angenehmen Arbeitsklima und mit der M\u00f6glichkeit zur Entspannung und zur Gemeinschaft, wobei die menschlichen und freundschaftlichen Beziehungen durch das Geben und Nehmen eines jeden bereichert werden.<\/p>\n\n\n\n<p>Die Mahlzeiten bieten eine t\u00e4gliche M\u00f6glichkeit f\u00fcr Begegnung und Austausch und stehen im Herzen der Philosophie unseres Studentenheims. Um die freundschaftlichen Beziehungen zu vertiefen wir einmal pro Monat alle zusammen ein festliches Abendessen haben. Nach dem Essen werden verschiedene fakultative Animationen angeboten. Einige dieser Abende werden den Charakter eines Festes haben.<\/p>\n\n\n\n<h3 class=\"wp-block-heading has-text-align-center\"><strong>Angebote um den christlichen Glaube zu entdecken oder vertiefern<\/strong><\/h3>\n\n\n\n<p>Das grosse Plus des Salesianums ist die Gemeinschaft, die sich im Lauf eines Jahres unter den Hausbewohnern bildet. Dies geschieht in den Aufenthaltsr\u00e4umen, durch Hausfeste und kulturelle Anl\u00e4sse. Getragen wird diese Gemeinschaft besonders von denjenigen, die sich zum Gebet und zur Liturgie versammeln. Die Hauskapelle bildet das stille Herz des Hauses. Die Teilnahme an der Liturgie ist ein offenes Angebot.<\/p>\n\n\n\n<p>F\u00fcr diejenigen die ihren christlichen Glauben entdecken oder vertiefen m\u00f6chten, bietet das Team der Gemeinschaft Chemin Neuf j\u00e4hrliche Abende und Wochenende an.<\/p>\n\n\n\n<p>Diese Angebote sind offen: alle Studenten, junge Berufst\u00e4tige und andere junge Menschen zwischen 18 und 35 Jahre sind willkommen!<\/p>\n\n\n\n<h3 class=\"wp-block-heading has-text-align-center\">Liturgie<\/h3>\n\n\n\n<p><strong>Jeden Tag leben wir verschiedene liturgische Gebetswochen, zu denen alle eingeladen sind.<\/strong><\/p>\n\n\n\n<figure class=\"wp-block-table aligncenter\"><table><tbody><tr><th><\/th><th class=\"has-text-align-center\" data-align=\"center\"><strong>Montag<\/strong><\/th><th class=\"has-text-align-center\" data-align=\"center\"><strong>Dienstag<\/strong><\/th><th><strong>Mittwoch<\/strong><\/th><th><strong>Donnerstag<\/strong><\/th><th><strong>Freitag<\/strong><\/th><\/tr><tr><td><strong>7.30<\/strong><\/td><td class=\"has-text-align-center\" data-align=\"center\">Laudes<\/td><td class=\"has-text-align-center\" data-align=\"center\">Laudes<\/td><td><strong>Eucharistie<\/strong><\/td><td><strong>Gebet f\u00fcr<\/strong><br><strong>die Einheit<\/strong><\/td><td>Laudes<\/td><\/tr><tr><td><strong>18.15<\/strong><\/td><td class=\"has-text-align-center\" data-align=\"center\"><\/td><td class=\"has-text-align-center\" data-align=\"center\"><\/td><td><\/td><td><strong>Eucharistie<\/strong><\/td><td><\/td><\/tr><tr><td>abends<\/td><td class=\"has-text-align-center\" data-align=\"center\"><strong>20.00<\/strong>\u00a0<strong>Taiz\u00e9<\/strong>\u00a0<br>jeden 2. Montag im Monat<\/td><td class=\"has-text-align-center\" data-align=\"center\"><strong>20.00<\/strong><br><strong>Lobpreisabend<\/strong><\/td><td><\/td><td><\/td><td><\/td><\/tr><\/tbody><\/table><\/figure>\n\n\n\n<p class=\"has-text-align-center\">Die Laudes singen wir auf Deutsch und Franz\u00f6sisch. Die Eucharistien sind mehrsprachig.<a href=\"https:\/\/www.chemin-neuf.org.uk\/en\/\"><\/a><\/p>\n","protected":false},"excerpt":{"rendered":"<p>Wir laden alle ein offen \u00fcber Fragen des Glaubens mit uns zu sprechen.W\u00e4hrend eines Jahres besteht die M\u00f6glichkeit an Wochenenden teilzunehmen, die verschieden Aspekte des Glaubens thematisieren. Programm des Stundentenheims Das Studentenwohnheim m\u00f6chte einen Lebensraum schaffen mit einem angenehmen Arbeitsklima und mit der M\u00f6glichkeit zur Entspannung und zur Gemeinschaft, wobei die menschlichen und freundschaftlichen Beziehungen [&hellip;]<\/p>\n","protected":false},"author":1,"featured_media":4702,"parent":0,"menu_order":0,"comment_status":"closed","ping_status":"closed","template":"","meta":{"_acf_changed":false,"footnotes":""},"class_list":["post-5018","page","type-page","status-publish","has-post-thumbnail","hentry"],"acf":[],"yoast_head":"<!-- This site is optimized with the Yoast SEO plugin v27.5 - https:\/\/yoast.com\/product\/yoast-seo-wordpress\/ -->\n<title>Projekt - Convict Salesianum<\/title>\n<meta name=\"description\" content=\"Wir laden alle ein offen \u00fcber Fragen des Glaubens mit uns zu sprechen.W\u00e4hrend eines Jahres besteht die M\u00f6glichkeit an Wochenenden teilzunehmen, die\" \/>\n<meta name=\"robots\" content=\"index, follow, max-snippet:-1, max-image-preview:large, max-video-preview:-1\" \/>\n<link rel=\"canonical\" href=\"https:\/\/www.salesianum.ch\/de\/projet\/\" \/>\n<meta property=\"og:locale\" content=\"de_DE\" \/>\n<meta property=\"og:type\" content=\"article\" \/>\n<meta property=\"og:title\" content=\"Projekt - Convict Salesianum\" \/>\n<meta property=\"og:description\" content=\"Wir laden alle ein offen \u00fcber Fragen des Glaubens mit uns zu sprechen.W\u00e4hrend eines Jahres besteht die M\u00f6glichkeit an Wochenenden teilzunehmen, die\" \/>\n<meta property=\"og:url\" content=\"https:\/\/www.salesianum.ch\/de\/projet\/\" \/>\n<meta property=\"og:site_name\" content=\"Convict Salesianum\" \/>\n<meta property=\"article:modified_time\" content=\"2023-10-30T09:34:39+00:00\" \/>\n<meta property=\"og:image\" content=\"https:\/\/www.salesianum.ch\/wp-content\/uploads\/2022\/11\/jeunes1.jpg\" \/>\n\t<meta property=\"og:image:width\" content=\"1800\" \/>\n\t<meta property=\"og:image:height\" content=\"1195\" \/>\n\t<meta property=\"og:image:type\" content=\"image\/jpeg\" \/>\n<meta name=\"twitter:card\" content=\"summary_large_image\" \/>\n<meta name=\"twitter:label1\" content=\"Gesch\u00e4tzte Lesezeit\" \/>\n\t<meta name=\"twitter:data1\" content=\"2\u00a0Minuten\" \/>\n<script type=\"application\/ld+json\" class=\"yoast-schema-graph\">{\"@context\":\"https:\\\/\\\/schema.org\",\"@graph\":[{\"@type\":\"WebPage\",\"@id\":\"https:\\\/\\\/www.salesianum.ch\\\/de\\\/projet\\\/\",\"url\":\"https:\\\/\\\/www.salesianum.ch\\\/de\\\/projet\\\/\",\"name\":\"Projekt - Convict Salesianum\",\"isPartOf\":{\"@id\":\"https:\\\/\\\/www.salesianum.ch\\\/de\\\/#website\"},\"primaryImageOfPage\":{\"@id\":\"https:\\\/\\\/www.salesianum.ch\\\/de\\\/projet\\\/#primaryimage\"},\"image\":{\"@id\":\"https:\\\/\\\/www.salesianum.ch\\\/de\\\/projet\\\/#primaryimage\"},\"thumbnailUrl\":\"https:\\\/\\\/www.salesianum.ch\\\/wp-content\\\/uploads\\\/2022\\\/11\\\/jeunes1.jpg\",\"datePublished\":\"2022-04-07T15:59:25+00:00\",\"dateModified\":\"2023-10-30T09:34:39+00:00\",\"description\":\"Wir laden alle ein offen \u00fcber Fragen des Glaubens mit uns zu sprechen.W\u00e4hrend eines Jahres besteht die M\u00f6glichkeit an Wochenenden teilzunehmen, die\",\"breadcrumb\":{\"@id\":\"https:\\\/\\\/www.salesianum.ch\\\/de\\\/projet\\\/#breadcrumb\"},\"inLanguage\":\"de\",\"potentialAction\":[{\"@type\":\"ReadAction\",\"target\":[\"https:\\\/\\\/www.salesianum.ch\\\/de\\\/projet\\\/\"]}]},{\"@type\":\"ImageObject\",\"inLanguage\":\"de\",\"@id\":\"https:\\\/\\\/www.salesianum.ch\\\/de\\\/projet\\\/#primaryimage\",\"url\":\"https:\\\/\\\/www.salesianum.ch\\\/wp-content\\\/uploads\\\/2022\\\/11\\\/jeunes1.jpg\",\"contentUrl\":\"https:\\\/\\\/www.salesianum.ch\\\/wp-content\\\/uploads\\\/2022\\\/11\\\/jeunes1.jpg\",\"width\":1800,\"height\":1195},{\"@type\":\"BreadcrumbList\",\"@id\":\"https:\\\/\\\/www.salesianum.ch\\\/de\\\/projet\\\/#breadcrumb\",\"itemListElement\":[{\"@type\":\"ListItem\",\"position\":1,\"name\":\"Home\",\"item\":\"https:\\\/\\\/www.salesianum.ch\\\/de\\\/\"},{\"@type\":\"ListItem\",\"position\":2,\"name\":\"Projekt\"}]},{\"@type\":\"WebSite\",\"@id\":\"https:\\\/\\\/www.salesianum.ch\\\/de\\\/#website\",\"url\":\"https:\\\/\\\/www.salesianum.ch\\\/de\\\/\",\"name\":\"Convict Salesianum\",\"description\":\"Foyer de Fribourg, anim\u00e9 par la Communaut\u00e9 du Chemin Neuf\",\"potentialAction\":[{\"@type\":\"SearchAction\",\"target\":{\"@type\":\"EntryPoint\",\"urlTemplate\":\"https:\\\/\\\/www.salesianum.ch\\\/de\\\/?s={search_term_string}\"},\"query-input\":{\"@type\":\"PropertyValueSpecification\",\"valueRequired\":true,\"valueName\":\"search_term_string\"}}],\"inLanguage\":\"de\"}]}<\/script>\n<!-- \/ Yoast SEO plugin. -->","yoast_head_json":{"title":"Projekt - Convict Salesianum","description":"Wir laden alle ein offen \u00fcber Fragen des Glaubens mit uns zu sprechen.W\u00e4hrend eines Jahres besteht die M\u00f6glichkeit an Wochenenden teilzunehmen, die","robots":{"index":"index","follow":"follow","max-snippet":"max-snippet:-1","max-image-preview":"max-image-preview:large","max-video-preview":"max-video-preview:-1"},"canonical":"https:\/\/www.salesianum.ch\/de\/projet\/","og_locale":"de_DE","og_type":"article","og_title":"Projekt - Convict Salesianum","og_description":"Wir laden alle ein offen \u00fcber Fragen des Glaubens mit uns zu sprechen.W\u00e4hrend eines Jahres besteht die M\u00f6glichkeit an Wochenenden teilzunehmen, die","og_url":"https:\/\/www.salesianum.ch\/de\/projet\/","og_site_name":"Convict Salesianum","article_modified_time":"2023-10-30T09:34:39+00:00","og_image":[{"width":1800,"height":1195,"url":"https:\/\/www.salesianum.ch\/wp-content\/uploads\/2022\/11\/jeunes1.jpg","type":"image\/jpeg"}],"twitter_card":"summary_large_image","twitter_misc":{"Gesch\u00e4tzte Lesezeit":"2\u00a0Minuten"},"schema":{"@context":"https:\/\/schema.org","@graph":[{"@type":"WebPage","@id":"https:\/\/www.salesianum.ch\/de\/projet\/","url":"https:\/\/www.salesianum.ch\/de\/projet\/","name":"Projekt - Convict Salesianum","isPartOf":{"@id":"https:\/\/www.salesianum.ch\/de\/#website"},"primaryImageOfPage":{"@id":"https:\/\/www.salesianum.ch\/de\/projet\/#primaryimage"},"image":{"@id":"https:\/\/www.salesianum.ch\/de\/projet\/#primaryimage"},"thumbnailUrl":"https:\/\/www.salesianum.ch\/wp-content\/uploads\/2022\/11\/jeunes1.jpg","datePublished":"2022-04-07T15:59:25+00:00","dateModified":"2023-10-30T09:34:39+00:00","description":"Wir laden alle ein offen \u00fcber Fragen des Glaubens mit uns zu sprechen.W\u00e4hrend eines Jahres besteht die M\u00f6glichkeit an Wochenenden teilzunehmen, die","breadcrumb":{"@id":"https:\/\/www.salesianum.ch\/de\/projet\/#breadcrumb"},"inLanguage":"de","potentialAction":[{"@type":"ReadAction","target":["https:\/\/www.salesianum.ch\/de\/projet\/"]}]},{"@type":"ImageObject","inLanguage":"de","@id":"https:\/\/www.salesianum.ch\/de\/projet\/#primaryimage","url":"https:\/\/www.salesianum.ch\/wp-content\/uploads\/2022\/11\/jeunes1.jpg","contentUrl":"https:\/\/www.salesianum.ch\/wp-content\/uploads\/2022\/11\/jeunes1.jpg","width":1800,"height":1195},{"@type":"BreadcrumbList","@id":"https:\/\/www.salesianum.ch\/de\/projet\/#breadcrumb","itemListElement":[{"@type":"ListItem","position":1,"name":"Home","item":"https:\/\/www.salesianum.ch\/de\/"},{"@type":"ListItem","position":2,"name":"Projekt"}]},{"@type":"WebSite","@id":"https:\/\/www.salesianum.ch\/de\/#website","url":"https:\/\/www.salesianum.ch\/de\/","name":"Convict Salesianum","description":"Foyer de Fribourg, anim\u00e9 par la Communaut\u00e9 du Chemin Neuf","potentialAction":[{"@type":"SearchAction","target":{"@type":"EntryPoint","urlTemplate":"https:\/\/www.salesianum.ch\/de\/?s={search_term_string}"},"query-input":{"@type":"PropertyValueSpecification","valueRequired":true,"valueName":"search_term_string"}}],"inLanguage":"de"}]}},"_links":{"self":[{"href":"https:\/\/www.salesianum.ch\/de\/wp-json\/wp\/v2\/pages\/5018","targetHints":{"allow":["GET"]}}],"collection":[{"href":"https:\/\/www.salesianum.ch\/de\/wp-json\/wp\/v2\/pages"}],"about":[{"href":"https:\/\/www.salesianum.ch\/de\/wp-json\/wp\/v2\/types\/page"}],"author":[{"embeddable":true,"href":"https:\/\/www.salesianum.ch\/de\/wp-json\/wp\/v2\/users\/1"}],"replies":[{"embeddable":true,"href":"https:\/\/www.salesianum.ch\/de\/wp-json\/wp\/v2\/comments?post=5018"}],"version-history":[{"count":8,"href":"https:\/\/www.salesianum.ch\/de\/wp-json\/wp\/v2\/pages\/5018\/revisions"}],"predecessor-version":[{"id":5554,"href":"https:\/\/www.salesianum.ch\/de\/wp-json\/wp\/v2\/pages\/5018\/revisions\/5554"}],"wp:featuredmedia":[{"embeddable":true,"href":"https:\/\/www.salesianum.ch\/de\/wp-json\/wp\/v2\/media\/4702"}],"wp:attachment":[{"href":"https:\/\/www.salesianum.ch\/de\/wp-json\/wp\/v2\/media?parent=5018"}],"curies":[{"name":"wp","href":"https:\/\/api.w.org\/{rel}","templated":true}]}}