{"id":5003,"date":"2022-06-07T16:09:02","date_gmt":"2022-06-07T14:09:02","guid":{"rendered":"https:\/\/salesianum.ch\/chemin-neuf\/"},"modified":"2023-04-20T09:43:21","modified_gmt":"2023-04-20T07:43:21","slug":"chemin-neuf","status":"publish","type":"page","link":"https:\/\/www.salesianum.ch\/de\/chemin-neuf\/","title":{"rendered":"Die Gemeinschaft Chemin Neuf"},"content":{"rendered":"\n<p>Im Jahr 2012 wird die Leitung und christliche Animation des Heims der Gemeinschaft Chemin Neuf anvertraut.<\/p>\n\n\n\n<p>Die Gemeinschaft Chemin Neuf ist eine katholische Gemeinschaft mit \u00f6kumenischer Berufung. In ihr sind Mitglieder verschiedener Kirchen engagiert (katholisch, reformiert, evangelisch, anglikanisch, freikirchlich, orthodox).<\/p>\n\n\n\n<p>Ehepaare, Familien, Z\u00f6libat\u00e4re, M\u00e4nner und Frauen, Priester und Pastoren, haben sich entschlossen, sich auf das Abenteuer des Lebens in Gemeinschaft einzulassen in der Nachfolge Christi und sich in den Dienst der Kirche und der Welt zu stellen.<\/p>\n\n\n\n<p>Bei den apostolischen Aufgaben teilen sich Ehepaare und z\u00f6libat\u00e4re Geschwister die Verantwortung. Sie stehen gemeinsam im Dienst von Exerzitien- und G\u00e4steh\u00e4usern, Pfarrgemeinden, Studenten-wohnheimen und diversen Schulungszentren.<\/p>\n\n\n\n<p>Die Spiritualit\u00e4t der Gemeinschaft hat ihre Wurzeln einerseits in der ignatianischen Tradition und andererseits in der Erfahrung der charismatischen Erneuerung.<\/p>\n\n\n<div class=\"cards-container macaron multi_line columns- align-\">\r\n\r\n    <!-- scroll arrow left\/previous -->\r\n    \r\n\r\n    <div class=\"cards-list macaron multi_line columns- align-\">\r\n\r\n\r\n                        \r\n            <!-- The card -->\r\n            <article class=\"card macaron\" data-animate-onshow=\"show-card\">\r\n                \r\n                <!-- card link -->\r\n                                <a href=\"https:\/\/www.chemin-neuf.ch\/de\/angebote\/junge-erwachsene\/\"\r\n                    target=\"_blank\"                    >\r\n                                    <div class=\"card-link\">\r\n                        <div class=\"card-photo-container\"\r\n                            style=\"background: no-repeat center \/ cover url('https:\/\/www.salesianum.ch\/wp-content\/uploads\/2023\/04\/CANA-WE_Hersbt2019-scaled-1.jpg')\">\r\n                            <div class=\"card-icon-container\">\r\n                                <i class=\"card-icon ti-default\"><\/i>\r\n                            <\/div>\r\n                        <\/div>\r\n                        <h3 class=\"card-title\">Vorschl\u00e4ge f\u00fcr Jugendliche<\/h3>\r\n                        <div class=\"card-subtitle\">\r\n                            <p class=\"card-subtitle\">Lobpreisabende, Jugendmessen, Maraudes&#8230;<\/p>\r\n                        <\/div> \r\n                    <\/div>\r\n                    \r\n                                    <\/a>\r\n                \r\n                \r\n\r\n            <\/article>\r\n\r\n\r\n                        \r\n            <!-- The card -->\r\n            <article class=\"card macaron\" data-animate-onshow=\"show-card\">\r\n                \r\n                <!-- card link -->\r\n                                <a href=\"https:\/\/welcometoparadise.fr\/de\/\"\r\n                    target=\"_blank\"                    >\r\n                                    <div class=\"card-link\">\r\n                        <div class=\"card-photo-container\"\r\n                            style=\"background: no-repeat center \/ cover url('https:\/\/www.salesianum.ch\/wp-content\/uploads\/2022\/06\/now-is-the-time.jpg')\">\r\n                            <div class=\"card-icon-container\">\r\n                                <i class=\"card-icon ti-default\"><\/i>\r\n                            <\/div>\r\n                        <\/div>\r\n                        <h3 class=\"card-title\">Welcome to Paradise<\/h3>\r\n                        <div class=\"card-subtitle\">\r\n                            <p class=\"card-subtitle\">Internationales Festival jeden Sommer in der Abtei von Hautecombe<\/p>\r\n                        <\/div> \r\n                    <\/div>\r\n                    \r\n                                    <\/a>\r\n                \r\n                \r\n\r\n            <\/article>\r\n\r\n\r\n                        \r\n            <!-- The card -->\r\n            <article class=\"card macaron\" data-animate-onshow=\"show-card\">\r\n                \r\n                <!-- card link -->\r\n                                <a href=\"https:\/\/www.chemin-neuf.ch\/de\/\"\r\n                    target=\"_blank\"                    >\r\n                                    <div class=\"card-link\">\r\n                        <div class=\"card-photo-container\"\r\n                            style=\"background: no-repeat center \/ cover url('https:\/\/www.salesianum.ch\/wp-content\/uploads\/2022\/11\/ccn-suisse.jpg')\">\r\n                            <div class=\"card-icon-container\">\r\n                                <i class=\"card-icon ti-default\"><\/i>\r\n                            <\/div>\r\n                        <\/div>\r\n                        <h3 class=\"card-title\">Die Gemeinschaft Chemin Neuf<\/h3>\r\n                        <div class=\"card-subtitle\">\r\n                            <p class=\"card-subtitle\">Im Dienst der Kirche und der Welt<\/p>\r\n                        <\/div> \r\n                    <\/div>\r\n                    \r\n                                    <\/a>\r\n                \r\n                \r\n\r\n            <\/article>\r\n\r\n\r\n        \r\n    <\/div>\r\n\r\n\r\n    <!-- scroll arrow right\/next -->\r\n    \r\n<\/div>\n\n\n\n\n<div class=\"wp-block-cover alignfull is-light\" style=\"min-height:143px;aspect-ratio:unset;\"><span aria-hidden=\"true\" class=\"wp-block-cover__background has-primary-background-color has-background-dim-0 has-background-dim\"><\/span><div class=\"wp-block-cover__inner-container is-layout-flow wp-block-cover-is-layout-flow\">\n<p class=\"has-text-align-center has-large-font-size\">Das Heim wird von der Gemeinschaft Chemin Neuf betreut.<\/p>\n<\/div><\/div>\n","protected":false},"excerpt":{"rendered":"<p>Im Jahr 2012 wird die Leitung und christliche Animation des Heims der Gemeinschaft Chemin Neuf anvertraut. Die Gemeinschaft Chemin Neuf ist eine katholische Gemeinschaft mit \u00f6kumenischer Berufung. In ihr sind Mitglieder verschiedener Kirchen engagiert (katholisch, reformiert, evangelisch, anglikanisch, freikirchlich, orthodox). Ehepaare, Familien, Z\u00f6libat\u00e4re, M\u00e4nner und Frauen, Priester und Pastoren, haben sich entschlossen, sich auf das [&hellip;]<\/p>\n","protected":false},"author":1,"featured_media":4912,"parent":0,"menu_order":0,"comment_status":"closed","ping_status":"closed","template":"","meta":{"_acf_changed":false,"footnotes":""},"class_list":["post-5003","page","type-page","status-publish","has-post-thumbnail","hentry"],"acf":[],"yoast_head":"<!-- This site is optimized with the Yoast SEO plugin v27.5 - https:\/\/yoast.com\/product\/yoast-seo-wordpress\/ -->\n<title>Die Gemeinschaft Chemin Neuf - Convict Salesianum<\/title>\n<meta name=\"description\" content=\"Im Jahr 2012 wird die Leitung und christliche Animation des Heims der Gemeinschaft Chemin Neuf anvertraut. Die Gemeinschaft Chemin Neuf ist eine\" \/>\n<meta name=\"robots\" content=\"index, follow, max-snippet:-1, max-image-preview:large, max-video-preview:-1\" \/>\n<link rel=\"canonical\" href=\"https:\/\/www.salesianum.ch\/de\/chemin-neuf\/\" \/>\n<meta property=\"og:locale\" content=\"de_DE\" \/>\n<meta property=\"og:type\" content=\"article\" \/>\n<meta property=\"og:title\" content=\"Die Gemeinschaft Chemin Neuf - Convict Salesianum\" \/>\n<meta property=\"og:description\" content=\"Im Jahr 2012 wird die Leitung und christliche Animation des Heims der Gemeinschaft Chemin Neuf anvertraut. Die Gemeinschaft Chemin Neuf ist eine\" \/>\n<meta property=\"og:url\" content=\"https:\/\/www.salesianum.ch\/de\/chemin-neuf\/\" \/>\n<meta property=\"og:site_name\" content=\"Convict Salesianum\" \/>\n<meta property=\"article:modified_time\" content=\"2023-04-20T07:43:21+00:00\" \/>\n<meta property=\"og:image\" content=\"https:\/\/eb2eoa2mues.exactdn.com\/wp-content\/uploads\/2022\/11\/ccn-suisse.jpg?strip=all&lossy=1&ssl=1\" \/>\n\t<meta property=\"og:image:width\" content=\"1800\" \/>\n\t<meta property=\"og:image:height\" content=\"853\" \/>\n\t<meta property=\"og:image:type\" content=\"image\/jpeg\" \/>\n<meta name=\"twitter:card\" content=\"summary_large_image\" \/>\n<meta name=\"twitter:label1\" content=\"Gesch\u00e4tzte Lesezeit\" \/>\n\t<meta name=\"twitter:data1\" content=\"1\u00a0Minute\" \/>\n<script type=\"application\/ld+json\" class=\"yoast-schema-graph\">{\"@context\":\"https:\\\/\\\/schema.org\",\"@graph\":[{\"@type\":\"WebPage\",\"@id\":\"https:\\\/\\\/www.salesianum.ch\\\/de\\\/chemin-neuf\\\/\",\"url\":\"https:\\\/\\\/www.salesianum.ch\\\/de\\\/chemin-neuf\\\/\",\"name\":\"Die Gemeinschaft Chemin Neuf - Convict Salesianum\",\"isPartOf\":{\"@id\":\"https:\\\/\\\/www.salesianum.ch\\\/de\\\/#website\"},\"primaryImageOfPage\":{\"@id\":\"https:\\\/\\\/www.salesianum.ch\\\/de\\\/chemin-neuf\\\/#primaryimage\"},\"image\":{\"@id\":\"https:\\\/\\\/www.salesianum.ch\\\/de\\\/chemin-neuf\\\/#primaryimage\"},\"thumbnailUrl\":\"https:\\\/\\\/www.salesianum.ch\\\/wp-content\\\/uploads\\\/2022\\\/11\\\/ccn-suisse.jpg\",\"datePublished\":\"2022-06-07T14:09:02+00:00\",\"dateModified\":\"2023-04-20T07:43:21+00:00\",\"description\":\"Im Jahr 2012 wird die Leitung und christliche Animation des Heims der Gemeinschaft Chemin Neuf anvertraut. Die Gemeinschaft Chemin Neuf ist eine\",\"breadcrumb\":{\"@id\":\"https:\\\/\\\/www.salesianum.ch\\\/de\\\/chemin-neuf\\\/#breadcrumb\"},\"inLanguage\":\"de\",\"potentialAction\":[{\"@type\":\"ReadAction\",\"target\":[\"https:\\\/\\\/www.salesianum.ch\\\/de\\\/chemin-neuf\\\/\"]}]},{\"@type\":\"ImageObject\",\"inLanguage\":\"de\",\"@id\":\"https:\\\/\\\/www.salesianum.ch\\\/de\\\/chemin-neuf\\\/#primaryimage\",\"url\":\"https:\\\/\\\/www.salesianum.ch\\\/wp-content\\\/uploads\\\/2022\\\/11\\\/ccn-suisse.jpg\",\"contentUrl\":\"https:\\\/\\\/www.salesianum.ch\\\/wp-content\\\/uploads\\\/2022\\\/11\\\/ccn-suisse.jpg\",\"width\":1800,\"height\":853},{\"@type\":\"BreadcrumbList\",\"@id\":\"https:\\\/\\\/www.salesianum.ch\\\/de\\\/chemin-neuf\\\/#breadcrumb\",\"itemListElement\":[{\"@type\":\"ListItem\",\"position\":1,\"name\":\"Home\",\"item\":\"https:\\\/\\\/www.salesianum.ch\\\/de\\\/\"},{\"@type\":\"ListItem\",\"position\":2,\"name\":\"Die Gemeinschaft Chemin Neuf\"}]},{\"@type\":\"WebSite\",\"@id\":\"https:\\\/\\\/www.salesianum.ch\\\/de\\\/#website\",\"url\":\"https:\\\/\\\/www.salesianum.ch\\\/de\\\/\",\"name\":\"Convict Salesianum\",\"description\":\"Foyer de Fribourg, anim\u00e9 par la Communaut\u00e9 du Chemin Neuf\",\"potentialAction\":[{\"@type\":\"SearchAction\",\"target\":{\"@type\":\"EntryPoint\",\"urlTemplate\":\"https:\\\/\\\/www.salesianum.ch\\\/de\\\/?s={search_term_string}\"},\"query-input\":{\"@type\":\"PropertyValueSpecification\",\"valueRequired\":true,\"valueName\":\"search_term_string\"}}],\"inLanguage\":\"de\"}]}<\/script>\n<!-- \/ Yoast SEO plugin. -->","yoast_head_json":{"title":"Die Gemeinschaft Chemin Neuf - Convict Salesianum","description":"Im Jahr 2012 wird die Leitung und christliche Animation des Heims der Gemeinschaft Chemin Neuf anvertraut. Die Gemeinschaft Chemin Neuf ist eine","robots":{"index":"index","follow":"follow","max-snippet":"max-snippet:-1","max-image-preview":"max-image-preview:large","max-video-preview":"max-video-preview:-1"},"canonical":"https:\/\/www.salesianum.ch\/de\/chemin-neuf\/","og_locale":"de_DE","og_type":"article","og_title":"Die Gemeinschaft Chemin Neuf - Convict Salesianum","og_description":"Im Jahr 2012 wird die Leitung und christliche Animation des Heims der Gemeinschaft Chemin Neuf anvertraut. Die Gemeinschaft Chemin Neuf ist eine","og_url":"https:\/\/www.salesianum.ch\/de\/chemin-neuf\/","og_site_name":"Convict Salesianum","article_modified_time":"2023-04-20T07:43:21+00:00","og_image":[{"width":1800,"height":853,"url":"https:\/\/eb2eoa2mues.exactdn.com\/wp-content\/uploads\/2022\/11\/ccn-suisse.jpg?strip=all&lossy=1&ssl=1","type":"image\/jpeg"}],"twitter_card":"summary_large_image","twitter_misc":{"Gesch\u00e4tzte Lesezeit":"1\u00a0Minute"},"schema":{"@context":"https:\/\/schema.org","@graph":[{"@type":"WebPage","@id":"https:\/\/www.salesianum.ch\/de\/chemin-neuf\/","url":"https:\/\/www.salesianum.ch\/de\/chemin-neuf\/","name":"Die Gemeinschaft Chemin Neuf - Convict Salesianum","isPartOf":{"@id":"https:\/\/www.salesianum.ch\/de\/#website"},"primaryImageOfPage":{"@id":"https:\/\/www.salesianum.ch\/de\/chemin-neuf\/#primaryimage"},"image":{"@id":"https:\/\/www.salesianum.ch\/de\/chemin-neuf\/#primaryimage"},"thumbnailUrl":"https:\/\/www.salesianum.ch\/wp-content\/uploads\/2022\/11\/ccn-suisse.jpg","datePublished":"2022-06-07T14:09:02+00:00","dateModified":"2023-04-20T07:43:21+00:00","description":"Im Jahr 2012 wird die Leitung und christliche Animation des Heims der Gemeinschaft Chemin Neuf anvertraut. Die Gemeinschaft Chemin Neuf ist eine","breadcrumb":{"@id":"https:\/\/www.salesianum.ch\/de\/chemin-neuf\/#breadcrumb"},"inLanguage":"de","potentialAction":[{"@type":"ReadAction","target":["https:\/\/www.salesianum.ch\/de\/chemin-neuf\/"]}]},{"@type":"ImageObject","inLanguage":"de","@id":"https:\/\/www.salesianum.ch\/de\/chemin-neuf\/#primaryimage","url":"https:\/\/www.salesianum.ch\/wp-content\/uploads\/2022\/11\/ccn-suisse.jpg","contentUrl":"https:\/\/www.salesianum.ch\/wp-content\/uploads\/2022\/11\/ccn-suisse.jpg","width":1800,"height":853},{"@type":"BreadcrumbList","@id":"https:\/\/www.salesianum.ch\/de\/chemin-neuf\/#breadcrumb","itemListElement":[{"@type":"ListItem","position":1,"name":"Home","item":"https:\/\/www.salesianum.ch\/de\/"},{"@type":"ListItem","position":2,"name":"Die Gemeinschaft Chemin Neuf"}]},{"@type":"WebSite","@id":"https:\/\/www.salesianum.ch\/de\/#website","url":"https:\/\/www.salesianum.ch\/de\/","name":"Convict Salesianum","description":"Foyer de Fribourg, anim\u00e9 par la Communaut\u00e9 du Chemin Neuf","potentialAction":[{"@type":"SearchAction","target":{"@type":"EntryPoint","urlTemplate":"https:\/\/www.salesianum.ch\/de\/?s={search_term_string}"},"query-input":{"@type":"PropertyValueSpecification","valueRequired":true,"valueName":"search_term_string"}}],"inLanguage":"de"}]}},"_links":{"self":[{"href":"https:\/\/www.salesianum.ch\/de\/wp-json\/wp\/v2\/pages\/5003","targetHints":{"allow":["GET"]}}],"collection":[{"href":"https:\/\/www.salesianum.ch\/de\/wp-json\/wp\/v2\/pages"}],"about":[{"href":"https:\/\/www.salesianum.ch\/de\/wp-json\/wp\/v2\/types\/page"}],"author":[{"embeddable":true,"href":"https:\/\/www.salesianum.ch\/de\/wp-json\/wp\/v2\/users\/1"}],"replies":[{"embeddable":true,"href":"https:\/\/www.salesianum.ch\/de\/wp-json\/wp\/v2\/comments?post=5003"}],"version-history":[{"count":3,"href":"https:\/\/www.salesianum.ch\/de\/wp-json\/wp\/v2\/pages\/5003\/revisions"}],"predecessor-version":[{"id":5113,"href":"https:\/\/www.salesianum.ch\/de\/wp-json\/wp\/v2\/pages\/5003\/revisions\/5113"}],"wp:featuredmedia":[{"embeddable":true,"href":"https:\/\/www.salesianum.ch\/de\/wp-json\/wp\/v2\/media\/4912"}],"wp:attachment":[{"href":"https:\/\/www.salesianum.ch\/de\/wp-json\/wp\/v2\/media?parent=5003"}],"curies":[{"name":"wp","href":"https:\/\/api.w.org\/{rel}","templated":true}]}}