{"id":4981,"date":"2022-11-07T17:54:39","date_gmt":"2022-11-07T16:54:39","guid":{"rendered":"https:\/\/salesianum.ch\/la-maison\/"},"modified":"2023-04-19T17:55:18","modified_gmt":"2023-04-19T15:55:18","slug":"la-maison","status":"publish","type":"page","link":"https:\/\/www.salesianum.ch\/de\/la-maison\/","title":{"rendered":"Das Haus"},"content":{"rendered":"\n<h3 class=\"wp-block-heading\">Convict Salesianum seit 1906<\/h3>\n\n\n\n<p>Im Jahr\u00a0<strong>1906<\/strong>\u00a0fand die Grundsteinlegung und damit die erste Bauphase des Convict Salesianum statt, nachdem nur knapp 20 Jahre vorher die Universit\u00e4t Freiburg gegr\u00fcndet worden war. Der Bedarf, ein Haus\u00a0<strong>f\u00fcr Theologen und zuk\u00fcnftige Priester<\/strong>\u00a0zu bauen, war gross. Die Zahlen der Theologiestudenten nahmen st\u00e4ndig zu.<\/p>\n\n\n<div class=\"wp-block-image\">\n<figure class=\"aligncenter size-large is-resized\"><img decoding=\"async\" src=\"https:\/\/salesianum.ch\/wp-content\/uploads\/2022\/11\/5910d2263965887b6c39f40csalesi_hisrory-1024x656.jpg\" alt=\"\" class=\"wp-image-4248\" width=\"674\" height=\"432\" srcset=\"https:\/\/www.salesianum.ch\/wp-content\/uploads\/2022\/11\/5910d2263965887b6c39f40csalesi_hisrory-1024x656.jpg 1024w, https:\/\/www.salesianum.ch\/wp-content\/uploads\/2022\/11\/5910d2263965887b6c39f40csalesi_hisrory-300x192.jpg 300w, https:\/\/www.salesianum.ch\/wp-content\/uploads\/2022\/11\/5910d2263965887b6c39f40csalesi_hisrory-768x492.jpg 768w, https:\/\/www.salesianum.ch\/wp-content\/uploads\/2022\/11\/5910d2263965887b6c39f40csalesi_hisrory-1536x985.jpg 1536w, https:\/\/www.salesianum.ch\/wp-content\/uploads\/2022\/11\/5910d2263965887b6c39f40csalesi_hisrory.jpg 1800w\" sizes=\"(max-width: 674px) 100vw, 674px\" \/><\/figure>\n<\/div>\n\n\n<p>Am 22. Oktober 1907 wurde das Salesianum er\u00f6ffnet. Der damalige Bau umfasste das Hauptgeb\u00e4ude, ohne den Teil des heutigen Speisesaals und der Kapelle. Die zweite Bauphase wurde am 15. November 1931 beendet. An diesem Tag wurde auch die jetzige Kapelle eingeweiht.<\/p>\n\n\n\n<p>Nach dem zweiten Weltkrieg nahm die Zahl der Theologen und Priester im Salesianum ab, so dass 1947 erstmals Studenten anderer Fakult\u00e4ten aufgenommen wurden.<\/p>\n\n\n\n<p>Das Anliegen, ein Convict (convivere = zusammenleben) zu sein, wird weiterhin gepflegt durch die gemeinsamen&nbsp;<strong>Mahlzeiten<\/strong>, die&nbsp;<strong>Liturgie<\/strong>, durch&nbsp;<strong>Hausfeste<\/strong>&nbsp;und&nbsp;<strong>Veranstaltungen kultureller Art<\/strong>.<br>Die Studierende kommen aus den drei grossen Sprachregionen der Schweiz und ungef\u00e4hr 20 % aus anderen L\u00e4ndern.<\/p>\n\n\n\n<p>Am 28. April 2007 wurde in w\u00fcrdigem Rahmen&nbsp;<strong>das 100-Jahr Jubil\u00e4um<\/strong>&nbsp;<strong>des Salesianums<\/strong>&nbsp;gefeiert. Zu diesem Anlass ist im Paulusverlag das Buch \u201eLeben im Haus der Kirche, zum 100-j\u00e4hrigen Bestehen des Salesianums\u201c erschienen, herausgegeben von Thomas Ruckstuhl und Hildegard Aepli.<\/p>\n\n\n\n<p>Im Fr\u00fchling 2009 begannen umfassende Renovationsarbeiten im Salesianum. Innerhalb von nur vier Monaten wurden alle Zimmer, Aufenthaltsr\u00e4ume, Etagenk\u00fcchen und die ganze Haustechnik, sowie die Grossk\u00fcche renoviert. Das Bauvorhaben wurde von einem Landverkauf und von den Spendengeldern der \u201eAktion Zukunft Salesianum\u201c getragen. Spenden werden weiterhin gerne entgegen genommen.<\/p>\n\n\n\n<p>Im Laufe der \u00fcber 100-j\u00e4hrigen Geschichte hat sich im Salesianum vieles ver\u00e4ndert, doch Wesentliches ist auch geblieben. Das Haus geh\u00f6rt nach wie vor der Schweizer Bischofskonferenz, welche 2012 die Leitung und Verwaltung des Studentenwohnheims der Gemeinschaft Chemin Neuf anvertraut hat.<\/p>\n\n\n\n<p><strong>Spendenkonto Zukunft Salesianum<\/strong><\/p>\n\n\n\n<p>PostFinance SA<br>Compte 12-637896-7<\/p>\n\n\n\n<p>SWIFT BIC POFICHBEXXX<br>IBAN CH03 0900 0000 1263 7896 7<\/p>\n\n\n<div class=\"wp-block-image\">\n<figure class=\"aligncenter size-full is-resized\"><img decoding=\"async\" src=\"https:\/\/salesianum.ch\/wp-content\/uploads\/2022\/11\/5a9d48ff396588dc55ac0240DSC_0391-2.jpg\" alt=\"\" class=\"wp-image-4298\" width=\"602\" height=\"403\" srcset=\"https:\/\/www.salesianum.ch\/wp-content\/uploads\/2022\/11\/5a9d48ff396588dc55ac0240DSC_0391-2.jpg 894w, https:\/\/www.salesianum.ch\/wp-content\/uploads\/2022\/11\/5a9d48ff396588dc55ac0240DSC_0391-2-300x201.jpg 300w, https:\/\/www.salesianum.ch\/wp-content\/uploads\/2022\/11\/5a9d48ff396588dc55ac0240DSC_0391-2-768x515.jpg 768w\" sizes=\"(max-width: 602px) 100vw, 602px\" \/><\/figure>\n<\/div>\n\n\n<p><strong>Der Stiftungsrat tr\u00e4gt die Verantwortung f\u00fcr das Salesianums<\/strong> :<\/p>\n\n\n\n<ul class=\"wp-block-list\">\n<li><strong>Markus Th\u00fcrig, Pr\u00e4sident<\/strong>&nbsp;Bistum Basel<\/li>\n\n\n\n<li><strong>Anton B. Zaugg, Vizepr\u00e4sident<\/strong>&nbsp;Bistum Chur<\/li>\n\n\n\n<li>Nicolas Masson, Stiftungsrat Bistum Lausanne-Genf-Freiburg<\/li>\n\n\n\n<li>Robert Droux, Stiftungsrat Bistum Basel<\/li>\n\n\n\n<li>Don Massimo Gaia, Bistum Lugano<\/li>\n\n\n\n<li>Jo\u00ebl Pralong, Bistum Sitten<\/li>\n\n\n\n<li>Josef Raschle Bistum St. Gallen<\/li>\n\n\n\n<li>Hubert Sauvain Bistum Lausanne-Genf-Freiburg<\/li>\n\n\n\n<li>Rudolf W\u00fcrmli Bistum St. Gallen<\/li>\n\n\n\n<li>Claudine Duroux Territorialabtei St-Maurice<\/li>\n<\/ul>\n\n\n\n<div style=\"height:42px\" aria-hidden=\"true\" class=\"wp-block-spacer\"><\/div>\n","protected":false},"excerpt":{"rendered":"<p>Convict Salesianum seit 1906 Im Jahr\u00a01906\u00a0fand die Grundsteinlegung und damit die erste Bauphase des Convict Salesianum statt, nachdem nur knapp 20 Jahre vorher die Universit\u00e4t Freiburg gegr\u00fcndet worden war. Der Bedarf, ein Haus\u00a0f\u00fcr Theologen und zuk\u00fcnftige Priester\u00a0zu bauen, war gross. Die Zahlen der Theologiestudenten nahmen st\u00e4ndig zu. Am 22. Oktober 1907 wurde das Salesianum er\u00f6ffnet. [&hellip;]<\/p>\n","protected":false},"author":1,"featured_media":4915,"parent":0,"menu_order":0,"comment_status":"closed","ping_status":"closed","template":"","meta":{"_acf_changed":false,"footnotes":""},"class_list":["post-4981","page","type-page","status-publish","has-post-thumbnail","hentry"],"acf":[],"yoast_head":"<!-- This site is optimized with the Yoast SEO plugin v27.5 - https:\/\/yoast.com\/product\/yoast-seo-wordpress\/ -->\n<title>Das Haus - Convict Salesianum<\/title>\n<meta name=\"description\" content=\"Convict Salesianum seit 1906 Im Jahr\u00a01906\u00a0fand die Grundsteinlegung und damit die erste Bauphase des Convict Salesianum statt, nachdem nur knapp 20 Jahre\" \/>\n<meta name=\"robots\" content=\"index, follow, max-snippet:-1, max-image-preview:large, max-video-preview:-1\" \/>\n<link rel=\"canonical\" href=\"https:\/\/www.salesianum.ch\/de\/la-maison\/\" \/>\n<meta property=\"og:locale\" content=\"de_DE\" \/>\n<meta property=\"og:type\" content=\"article\" \/>\n<meta property=\"og:title\" content=\"Das Haus - Convict Salesianum\" \/>\n<meta property=\"og:description\" content=\"Convict Salesianum seit 1906 Im Jahr\u00a01906\u00a0fand die Grundsteinlegung und damit die erste Bauphase des Convict Salesianum statt, nachdem nur knapp 20 Jahre\" \/>\n<meta property=\"og:url\" content=\"https:\/\/www.salesianum.ch\/de\/la-maison\/\" \/>\n<meta property=\"og:site_name\" content=\"Convict Salesianum\" \/>\n<meta property=\"article:modified_time\" content=\"2023-04-19T15:55:18+00:00\" \/>\n<meta property=\"og:image\" content=\"https:\/\/eb2eoa2mues.exactdn.com\/wp-content\/uploads\/2022\/11\/5a9d48ff396588dc55ac0240DSC_0391-1.jpg?strip=all&lossy=1&ssl=1\" \/>\n\t<meta property=\"og:image:width\" content=\"894\" \/>\n\t<meta property=\"og:image:height\" content=\"600\" \/>\n\t<meta property=\"og:image:type\" content=\"image\/jpeg\" \/>\n<meta name=\"twitter:card\" content=\"summary_large_image\" \/>\n<meta name=\"twitter:label1\" content=\"Gesch\u00e4tzte Lesezeit\" \/>\n\t<meta name=\"twitter:data1\" content=\"3\u00a0Minuten\" \/>\n<script type=\"application\/ld+json\" class=\"yoast-schema-graph\">{\"@context\":\"https:\\\/\\\/schema.org\",\"@graph\":[{\"@type\":\"WebPage\",\"@id\":\"https:\\\/\\\/www.salesianum.ch\\\/de\\\/la-maison\\\/\",\"url\":\"https:\\\/\\\/www.salesianum.ch\\\/de\\\/la-maison\\\/\",\"name\":\"Das Haus - Convict Salesianum\",\"isPartOf\":{\"@id\":\"https:\\\/\\\/www.salesianum.ch\\\/de\\\/#website\"},\"primaryImageOfPage\":{\"@id\":\"https:\\\/\\\/www.salesianum.ch\\\/de\\\/la-maison\\\/#primaryimage\"},\"image\":{\"@id\":\"https:\\\/\\\/www.salesianum.ch\\\/de\\\/la-maison\\\/#primaryimage\"},\"thumbnailUrl\":\"https:\\\/\\\/www.salesianum.ch\\\/wp-content\\\/uploads\\\/2022\\\/11\\\/5a9d48ff396588dc55ac0240DSC_0391-1.jpg\",\"datePublished\":\"2022-11-07T16:54:39+00:00\",\"dateModified\":\"2023-04-19T15:55:18+00:00\",\"description\":\"Convict Salesianum seit 1906 Im Jahr\u00a01906\u00a0fand die Grundsteinlegung und damit die erste Bauphase des Convict Salesianum statt, nachdem nur knapp 20 Jahre\",\"breadcrumb\":{\"@id\":\"https:\\\/\\\/www.salesianum.ch\\\/de\\\/la-maison\\\/#breadcrumb\"},\"inLanguage\":\"de\",\"potentialAction\":[{\"@type\":\"ReadAction\",\"target\":[\"https:\\\/\\\/www.salesianum.ch\\\/de\\\/la-maison\\\/\"]}]},{\"@type\":\"ImageObject\",\"inLanguage\":\"de\",\"@id\":\"https:\\\/\\\/www.salesianum.ch\\\/de\\\/la-maison\\\/#primaryimage\",\"url\":\"https:\\\/\\\/www.salesianum.ch\\\/wp-content\\\/uploads\\\/2022\\\/11\\\/5a9d48ff396588dc55ac0240DSC_0391-1.jpg\",\"contentUrl\":\"https:\\\/\\\/www.salesianum.ch\\\/wp-content\\\/uploads\\\/2022\\\/11\\\/5a9d48ff396588dc55ac0240DSC_0391-1.jpg\",\"width\":894,\"height\":600},{\"@type\":\"BreadcrumbList\",\"@id\":\"https:\\\/\\\/www.salesianum.ch\\\/de\\\/la-maison\\\/#breadcrumb\",\"itemListElement\":[{\"@type\":\"ListItem\",\"position\":1,\"name\":\"Home\",\"item\":\"https:\\\/\\\/www.salesianum.ch\\\/de\\\/\"},{\"@type\":\"ListItem\",\"position\":2,\"name\":\"Das Haus\"}]},{\"@type\":\"WebSite\",\"@id\":\"https:\\\/\\\/www.salesianum.ch\\\/de\\\/#website\",\"url\":\"https:\\\/\\\/www.salesianum.ch\\\/de\\\/\",\"name\":\"Convict Salesianum\",\"description\":\"Foyer de Fribourg, anim\u00e9 par la Communaut\u00e9 du Chemin Neuf\",\"potentialAction\":[{\"@type\":\"SearchAction\",\"target\":{\"@type\":\"EntryPoint\",\"urlTemplate\":\"https:\\\/\\\/www.salesianum.ch\\\/de\\\/?s={search_term_string}\"},\"query-input\":{\"@type\":\"PropertyValueSpecification\",\"valueRequired\":true,\"valueName\":\"search_term_string\"}}],\"inLanguage\":\"de\"}]}<\/script>\n<!-- \/ Yoast SEO plugin. -->","yoast_head_json":{"title":"Das Haus - Convict Salesianum","description":"Convict Salesianum seit 1906 Im Jahr\u00a01906\u00a0fand die Grundsteinlegung und damit die erste Bauphase des Convict Salesianum statt, nachdem nur knapp 20 Jahre","robots":{"index":"index","follow":"follow","max-snippet":"max-snippet:-1","max-image-preview":"max-image-preview:large","max-video-preview":"max-video-preview:-1"},"canonical":"https:\/\/www.salesianum.ch\/de\/la-maison\/","og_locale":"de_DE","og_type":"article","og_title":"Das Haus - Convict Salesianum","og_description":"Convict Salesianum seit 1906 Im Jahr\u00a01906\u00a0fand die Grundsteinlegung und damit die erste Bauphase des Convict Salesianum statt, nachdem nur knapp 20 Jahre","og_url":"https:\/\/www.salesianum.ch\/de\/la-maison\/","og_site_name":"Convict Salesianum","article_modified_time":"2023-04-19T15:55:18+00:00","og_image":[{"width":894,"height":600,"url":"https:\/\/eb2eoa2mues.exactdn.com\/wp-content\/uploads\/2022\/11\/5a9d48ff396588dc55ac0240DSC_0391-1.jpg?strip=all&lossy=1&ssl=1","type":"image\/jpeg"}],"twitter_card":"summary_large_image","twitter_misc":{"Gesch\u00e4tzte Lesezeit":"3\u00a0Minuten"},"schema":{"@context":"https:\/\/schema.org","@graph":[{"@type":"WebPage","@id":"https:\/\/www.salesianum.ch\/de\/la-maison\/","url":"https:\/\/www.salesianum.ch\/de\/la-maison\/","name":"Das Haus - Convict Salesianum","isPartOf":{"@id":"https:\/\/www.salesianum.ch\/de\/#website"},"primaryImageOfPage":{"@id":"https:\/\/www.salesianum.ch\/de\/la-maison\/#primaryimage"},"image":{"@id":"https:\/\/www.salesianum.ch\/de\/la-maison\/#primaryimage"},"thumbnailUrl":"https:\/\/www.salesianum.ch\/wp-content\/uploads\/2022\/11\/5a9d48ff396588dc55ac0240DSC_0391-1.jpg","datePublished":"2022-11-07T16:54:39+00:00","dateModified":"2023-04-19T15:55:18+00:00","description":"Convict Salesianum seit 1906 Im Jahr\u00a01906\u00a0fand die Grundsteinlegung und damit die erste Bauphase des Convict Salesianum statt, nachdem nur knapp 20 Jahre","breadcrumb":{"@id":"https:\/\/www.salesianum.ch\/de\/la-maison\/#breadcrumb"},"inLanguage":"de","potentialAction":[{"@type":"ReadAction","target":["https:\/\/www.salesianum.ch\/de\/la-maison\/"]}]},{"@type":"ImageObject","inLanguage":"de","@id":"https:\/\/www.salesianum.ch\/de\/la-maison\/#primaryimage","url":"https:\/\/www.salesianum.ch\/wp-content\/uploads\/2022\/11\/5a9d48ff396588dc55ac0240DSC_0391-1.jpg","contentUrl":"https:\/\/www.salesianum.ch\/wp-content\/uploads\/2022\/11\/5a9d48ff396588dc55ac0240DSC_0391-1.jpg","width":894,"height":600},{"@type":"BreadcrumbList","@id":"https:\/\/www.salesianum.ch\/de\/la-maison\/#breadcrumb","itemListElement":[{"@type":"ListItem","position":1,"name":"Home","item":"https:\/\/www.salesianum.ch\/de\/"},{"@type":"ListItem","position":2,"name":"Das Haus"}]},{"@type":"WebSite","@id":"https:\/\/www.salesianum.ch\/de\/#website","url":"https:\/\/www.salesianum.ch\/de\/","name":"Convict Salesianum","description":"Foyer de Fribourg, anim\u00e9 par la Communaut\u00e9 du Chemin Neuf","potentialAction":[{"@type":"SearchAction","target":{"@type":"EntryPoint","urlTemplate":"https:\/\/www.salesianum.ch\/de\/?s={search_term_string}"},"query-input":{"@type":"PropertyValueSpecification","valueRequired":true,"valueName":"search_term_string"}}],"inLanguage":"de"}]}},"_links":{"self":[{"href":"https:\/\/www.salesianum.ch\/de\/wp-json\/wp\/v2\/pages\/4981","targetHints":{"allow":["GET"]}}],"collection":[{"href":"https:\/\/www.salesianum.ch\/de\/wp-json\/wp\/v2\/pages"}],"about":[{"href":"https:\/\/www.salesianum.ch\/de\/wp-json\/wp\/v2\/types\/page"}],"author":[{"embeddable":true,"href":"https:\/\/www.salesianum.ch\/de\/wp-json\/wp\/v2\/users\/1"}],"replies":[{"embeddable":true,"href":"https:\/\/www.salesianum.ch\/de\/wp-json\/wp\/v2\/comments?post=4981"}],"version-history":[{"count":3,"href":"https:\/\/www.salesianum.ch\/de\/wp-json\/wp\/v2\/pages\/4981\/revisions"}],"predecessor-version":[{"id":5088,"href":"https:\/\/www.salesianum.ch\/de\/wp-json\/wp\/v2\/pages\/4981\/revisions\/5088"}],"wp:featuredmedia":[{"embeddable":true,"href":"https:\/\/www.salesianum.ch\/de\/wp-json\/wp\/v2\/media\/4915"}],"wp:attachment":[{"href":"https:\/\/www.salesianum.ch\/de\/wp-json\/wp\/v2\/media?parent=4981"}],"curies":[{"name":"wp","href":"https:\/\/api.w.org\/{rel}","templated":true}]}}